{"id":71327,"date":"2025-06-04T21:13:54","date_gmt":"2025-06-04T21:13:54","guid":{"rendered":"https:\/\/ardalestur.multiplikate.com\/?page_id=71327"},"modified":"2026-01-20T10:16:39","modified_gmt":"2026-01-20T10:16:39","slug":"galeria-de-higueron","status":"publish","type":"page","link":"https:\/\/ardalestur.com\/index.php\/galeria-de-higueron\/","title":{"rendered":"Galer\u00eda de Higuer\u00f3n"},"content":{"rendered":"<p>[et_pb_section fb_built=\u00bb1&#8243; custom_padding_last_edited=\u00bbon|tablet\u00bb _builder_version=\u00bb4.27.4&#8243; _module_preset=\u00bbdefault\u00bb background_image=\u00bbhttps:\/\/ardalestur.com\/wp-content\/uploads\/2025\/05\/gALERIA-DE-HIGERON.jpeg\u00bb background_position=\u00bbtop_center\u00bb custom_margin=\u00bb0px||0px||false|false\u00bb custom_padding=\u00bb150px||150px||true|false\u00bb custom_padding_tablet=\u00bb150px||150px||false|false\u00bb custom_padding_phone=\u00bb90px||90px||false|false\u00bb animation_style=\u00bbfade\u00bb global_colors_info=\u00bb{}\u00bb][et_pb_row custom_padding_last_edited=\u00bboff|desktop\u00bb _builder_version=\u00bb4.27.4&#8243; _module_preset=\u00bbdefault\u00bb background_color=\u00bbrgba(0,0,0,0.75)\u00bb width=\u00bb70%\u00bb width_tablet=\u00bb70%\u00bb width_phone=\u00bb90%\u00bb width_last_edited=\u00bbon|phone\u00bb max_width=\u00bb2560px\u00bb custom_padding=\u00bb20px|25px|20px|25px|true|true\u00bb animation_style=\u00bbzoom\u00bb global_colors_info=\u00bb{}\u00bb][et_pb_column type=\u00bb4_4&#8243; _builder_version=\u00bb4.27.4&#8243; _module_preset=\u00bbdefault\u00bb global_colors_info=\u00bb{}\u00bb][et_pb_text _builder_version=\u00bb4.27.4&#8243; _module_preset=\u00bbdefault\u00bb header_font=\u00bbSintony|700|||||||\u00bb header_text_align=\u00bbcenter\u00bb header_text_color=\u00bb#FFFFFF\u00bb header_font_size=\u00bb45px\u00bb header_line_height=\u00bb1.1em\u00bb custom_margin=\u00bb14px||18px||false|false\u00bb custom_padding=\u00bb0px||0px||false|false\u00bb animation_style=\u00bbslide\u00bb animation_direction=\u00bbleft\u00bb animation_delay=\u00bb700ms\u00bb animation_intensity_slide=\u00bb2%\u00bb animation_speed_curve=\u00bbease\u00bb header_font_size_tablet=\u00bb80px\u00bb header_font_size_phone=\u00bb25px\u00bb header_font_size_last_edited=\u00bbon|phone\u00bb global_colors_info=\u00bb{}\u00bb]<\/p>\n<h1>GALER\u00cdA HIGUER\u00d3N<\/h1>\n<p>[\/et_pb_text][\/et_pb_column][\/et_pb_row][\/et_pb_section][et_pb_section fb_built=\u00bb1&#8243; custom_padding_last_edited=\u00bbon|phone\u00bb _builder_version=\u00bb4.27.4&#8243; _module_preset=\u00bbdefault\u00bb custom_margin=\u00bb0px||0px||false|false\u00bb custom_padding=\u00bb40px||40px||true|false\u00bb custom_padding_tablet=\u00bb120px||120px||false|false\u00bb custom_padding_phone=\u00bb40px||40px||true|false\u00bb global_colors_info=\u00bb{}\u00bb][et_pb_row column_structure=\u00bb1_2,1_2&#8243; use_custom_gutter=\u00bbon\u00bb gutter_width=\u00bb1&#8243; module_class=\u00bbgardener-10-inlbtn-sc\u00bb _builder_version=\u00bb4.27.4&#8243; _module_preset=\u00bbdefault\u00bb width=\u00bb90%\u00bb max_width=\u00bb1290px\u00bb custom_margin=\u00bb0px||0px||false|false\u00bb custom_padding=\u00bb0px||0px||false|false\u00bb animation_style=\u00bbzoom\u00bb animation_delay=\u00bb500ms\u00bb animation_speed_curve=\u00bbease\u00bb global_colors_info=\u00bb{}\u00bb][et_pb_column type=\u00bb1_2&#8243; _builder_version=\u00bb4.25.2&#8243; _module_preset=\u00bbdefault\u00bb global_colors_info=\u00bb{}\u00bb][et_pb_image src=\u00bbhttps:\/\/ardalestur.com\/wp-content\/uploads\/2025\/05\/gALERIA-DE-HIGERON.jpeg\u00bb title_text=\u00bbgALERIA DE HIGERON\u00bb align=\u00bbcenter\u00bb _builder_version=\u00bb4.27.4&#8243; _module_preset=\u00bbdefault\u00bb width=\u00bb80%\u00bb module_alignment=\u00bbcenter\u00bb custom_margin=\u00bb8px|||||\u00bb box_shadow_style=\u00bbpreset2&#8243; global_colors_info=\u00bb{}\u00bb][\/et_pb_image][\/et_pb_column][et_pb_column type=\u00bb1_2&#8243; _builder_version=\u00bb4.25.2&#8243; _module_preset=\u00bbdefault\u00bb custom_padding=\u00bb|||130px|false|false\u00bb custom_padding_tablet=\u00bb80px|||0px|false|false\u00bb custom_padding_phone=\u00bb55px|||0px|false|false\u00bb custom_padding_last_edited=\u00bbon|tablet\u00bb global_colors_info=\u00bb{}\u00bb][et_pb_code admin_label=\u00bbblurm img border fix\u00bb _builder_version=\u00bb4.25.2&#8243; _module_preset=\u00bbdefault\u00bb custom_margin=\u00bb0px||0px||false|false\u00bb custom_padding=\u00bb0px||0px||false|false\u00bb global_colors_info=\u00bb{}\u00bb]<\/p>\n<style><!-- [et_pb_line_break_holder] -->  .et_pb_main_blurb_image > span > img {<!-- [et_pb_line_break_holder] -->    border-radius:unset;<!-- [et_pb_line_break_holder] -->  }<!-- [et_pb_line_break_holder] --><\/style>\n<p>[\/et_pb_code][et_pb_blurb title=\u00bbEMPIEZA TU AVENTURA\u00bb image=\u00bbhttps:\/\/ardalestur.com\/wp-content\/uploads\/2025\/05\/hiking_12460711.png\u00bb icon_placement=\u00bbleft\u00bb image_icon_width=\u00bb30px\u00bb _builder_version=\u00bb4.27.4&#8243; _module_preset=\u00bbdefault\u00bb header_font=\u00bbSintony|700|||||||\u00bb header_text_align=\u00bbleft\u00bb header_text_color=\u00bb#9dbe37&#8243; header_font_size=\u00bb14px\u00bb header_line_height=\u00bb1.2em\u00bb image_icon_custom_margin=\u00bb0px||0px||false|false\u00bb image_icon_custom_padding=\u00bb0px||0px||false|false\u00bb custom_margin=\u00bb10px||18px||false|false\u00bb custom_margin_tablet=\u00bb0px||18px||false|false\u00bb custom_margin_phone=\u00bb0px||18px||false|false\u00bb custom_margin_last_edited=\u00bbon|tablet\u00bb custom_padding=\u00bb0px||0px||false|false\u00bb animation=\u00bboff\u00bb custom_css_blurb_title=\u00bbmargin-top:7px;||margin-left:-4px;\u00bb custom_css_blurb_content=\u00bbmargin:0px;\u00bb global_colors_info=\u00bb{}\u00bb][\/et_pb_blurb][et_pb_text _builder_version=\u00bb4.27.4&#8243; _module_preset=\u00bbdefault\u00bb header_2_font=\u00bbSintony|700||on|||||\u00bb header_2_text_align=\u00bbleft\u00bb header_2_text_color=\u00bb#202020&#8243; header_2_font_size=\u00bb50px\u00bb header_2_line_height=\u00bb1.2em\u00bb custom_margin=\u00bb0px||8px||false|false\u00bb custom_padding=\u00bb0px||0px||false|false\u00bb header_2_font_size_tablet=\u00bb58px\u00bb header_2_font_size_phone=\u00bb30px\u00bb header_2_font_size_last_edited=\u00bbon|phone\u00bb global_colors_info=\u00bb{}\u00bb]<\/p>\n<h2>LOS M\u00c1S ANTIGUOS<\/h2>\n<p>[\/et_pb_text][et_pb_text _builder_version=\u00bb4.27.4&#8243; _module_preset=\u00bbdefault\u00bb text_font=\u00bbSarabun||||||||\u00bb text_text_color=\u00bb#74787c\u00bb text_font_size=\u00bb17px\u00bb text_line_height=\u00bb1.5em\u00bb custom_margin=\u00bb0px||42px||false|false\u00bb custom_padding=\u00bb0px||0px||false|false\u00bb global_colors_info=\u00bb{}\u00bb]<\/p>\n<p style=\"text-align: justify;\"><strong>La Galer\u00eda del Higuer\u00f3n<\/strong> es una cavidad arqueol\u00f3gica de alto valor patrimonial ubicada en <strong>Rinc\u00f3n de la Victoria<\/strong>. En su interior se han documentado restos humanos, enterramientos y vestigios simb\u00f3licos de <strong>hace miles de a\u00f1os<\/strong>. Nuestras visitas guiadas, cuidadosamente dise\u00f1adas, permiten acceder a este espacio restringido con un enfoque <strong>cient\u00edfico, seguro y respetuoso con su fragilidad y riqueza hist\u00f3rica<\/strong>.<\/p>\n<p>[\/et_pb_text][\/et_pb_column][\/et_pb_row][\/et_pb_section][et_pb_section fb_built=\u00bb1&#8243; custom_padding_last_edited=\u00bbon|phone\u00bb disabled_on=\u00bbon|on|on\u00bb module_id=\u00bbRutas\u00bb _builder_version=\u00bb4.27.4&#8243; _module_preset=\u00bbdefault\u00bb background_image=\u00bbhttps:\/\/ardalestur.com\/wp-content\/uploads\/2025\/05\/gardener-10-ret-5.webp\u00bb custom_margin=\u00bb0px||0px||false|false\u00bb custom_padding=\u00bb40px||10px||false|false\u00bb custom_padding_tablet=\u00bb120px||120px||false|false\u00bb custom_padding_phone=\u00bb40px||40px||true|false\u00bb disabled=\u00bbon\u00bb locked=\u00bboff\u00bb global_colors_info=\u00bb{}\u00bb][et_pb_row _builder_version=\u00bb4.27.4&#8243; _module_preset=\u00bbdefault\u00bb width=\u00bb90%\u00bb max_width=\u00bb570px\u00bb custom_margin=\u00bb0px|auto|4px|auto|false|false\u00bb custom_margin_tablet=\u00bb0px||50px||false|false\u00bb custom_margin_phone=\u00bb0px||20px||false|false\u00bb custom_margin_last_edited=\u00bbon|phone\u00bb custom_padding=\u00bb0px||0px||false|false\u00bb animation_style=\u00bbzoom\u00bb animation_delay=\u00bb500ms\u00bb animation_speed_curve=\u00bbease\u00bb custom_css_main_element=\u00bbtext-align:center;\u00bb global_colors_info=\u00bb{}\u00bb][et_pb_column type=\u00bb4_4&#8243; _builder_version=\u00bb4.25.2&#8243; _module_preset=\u00bbdefault\u00bb global_colors_info=\u00bb{}\u00bb][et_pb_blurb title=\u00bbNUESTROS RECUERDOS\u00bb image=\u00bbhttps:\/\/ardalestur.com\/wp-content\/uploads\/2025\/05\/hiking_12460711.png\u00bb icon_placement=\u00bbleft\u00bb image_icon_width=\u00bb30px\u00bb _builder_version=\u00bb4.27.4&#8243; _module_preset=\u00bbdefault\u00bb header_font=\u00bbSintony|700|||||||\u00bb header_text_align=\u00bbleft\u00bb header_text_color=\u00bb#9dbe37&#8243; header_font_size=\u00bb14px\u00bb header_line_height=\u00bb1.2em\u00bb image_icon_custom_margin=\u00bb0px||0px||false|false\u00bb image_icon_custom_padding=\u00bb0px||0px||false|false\u00bb custom_margin=\u00bb0px||3px||false|false\u00bb custom_padding=\u00bb0px||0px||false|false\u00bb animation=\u00bboff\u00bb custom_css_main_element=\u00bbdisplay:inline-block;\u00bb custom_css_blurb_title=\u00bbmargin-top:7px;||margin-left:-4px;\u00bb custom_css_blurb_content=\u00bbmargin:0px;\u00bb global_colors_info=\u00bb{}\u00bb][\/et_pb_blurb][et_pb_text _builder_version=\u00bb4.27.4&#8243; _module_preset=\u00bbdefault\u00bb header_2_font=\u00bbSintony|700|||||||\u00bb header_2_text_align=\u00bbcenter\u00bb header_2_text_color=\u00bbrgba(0,0,0,0.87)\u00bb header_2_font_size=\u00bb50px\u00bb header_2_line_height=\u00bb1.2em\u00bb custom_margin=\u00bb0px||0px||false|false\u00bb custom_padding=\u00bb0px||0px||false|false\u00bb header_2_font_size_tablet=\u00bb58px\u00bb header_2_font_size_phone=\u00bb30px\u00bb header_2_font_size_last_edited=\u00bbon|phone\u00bb global_colors_info=\u00bb{}\u00bb]<\/p>\n<h2>GALERIA DE IMAGENES<\/h2>\n<p>[\/et_pb_text][\/et_pb_column][\/et_pb_row][et_pb_row _builder_version=\u00bb4.27.4&#8243; _module_preset=\u00bbdefault\u00bb custom_padding=\u00bb||5px|||\u00bb global_colors_info=\u00bb{}\u00bb][et_pb_column type=\u00bb4_4&#8243; _builder_version=\u00bb4.27.4&#8243; _module_preset=\u00bbdefault\u00bb global_colors_info=\u00bb{}\u00bb][et_pb_gallery gallery_ids=\u00bb49,50,51,52,54&#8243; show_title_and_caption=\u00bboff\u00bb _builder_version=\u00bb4.27.4&#8243; _module_preset=\u00bbdefault\u00bb pagination_font=\u00bbSintony||||||||\u00bb pagination_text_color=\u00bb#9dbe37&#8243; pagination_font_size=\u00bb20px\u00bb animation_style=\u00bbslide\u00bb animation_direction=\u00bbleft\u00bb box_shadow_style_image=\u00bbpreset2&#8243; global_colors_info=\u00bb{}\u00bb][\/et_pb_gallery][\/et_pb_column][\/et_pb_row][\/et_pb_section][et_pb_section fb_built=\u00bb1&#8243; _builder_version=\u00bb4.27.4&#8243; background_color=\u00bb#9dbe37&#8243; custom_padding=\u00bb40px||40px||true|false\u00bb global_colors_info=\u00bb{}\u00bb][et_pb_row use_custom_gutter=\u00bbon\u00bb gutter_width=\u00bb2&#8243; make_equal=\u00bbon\u00bb _builder_version=\u00bb4.27.4&#8243; width=\u00bb90%\u00bb width_tablet=\u00bb90%\u00bb width_phone=\u00bb90%\u00bb width_last_edited=\u00bbon|phone\u00bb max_width_tablet=\u00bb90%\u00bb max_width_phone=\u00bb90%\u00bb max_width_last_edited=\u00bboff|desktop\u00bb custom_padding=\u00bb0px||15px||false|false\u00bb animation_style=\u00bbzoom\u00bb global_colors_info=\u00bb{}\u00bb][et_pb_column type=\u00bb4_4&#8243; _builder_version=\u00bb4.16&#8243; global_colors_info=\u00bb{}\u00bb][et_pb_text _builder_version=\u00bb4.27.4&#8243; _module_preset=\u00bbdefault\u00bb header_2_font=\u00bbSintony|700|||||||\u00bb header_2_text_align=\u00bbleft\u00bb header_2_text_color=\u00bb#FFFFFF\u00bb header_2_font_size=\u00bb50px\u00bb header_2_line_height=\u00bb1.2em\u00bb custom_margin=\u00bb0px||8px||false|false\u00bb custom_padding=\u00bb0px||0px||false|false\u00bb header_2_font_size_tablet=\u00bb58px\u00bb header_2_font_size_phone=\u00bb30px\u00bb header_2_font_size_last_edited=\u00bbon|phone\u00bb global_colors_info=\u00bb{}\u00bb]<\/p>\n<h2 style=\"text-align: center;\">C\u00d3MO UNIRTE<\/h2>\n<p>[\/et_pb_text][\/et_pb_column][\/et_pb_row][et_pb_row column_structure=\u00bb1_4,1_4,1_4,1_4&#8243; use_custom_gutter=\u00bbon\u00bb gutter_width=\u00bb2&#8243; make_equal=\u00bbon\u00bb _builder_version=\u00bb4.27.4&#8243; width=\u00bb90%\u00bb width_tablet=\u00bb90%\u00bb width_phone=\u00bb90%\u00bb width_last_edited=\u00bbon|phone\u00bb max_width_tablet=\u00bb90%\u00bb max_width_phone=\u00bb90%\u00bb max_width_last_edited=\u00bboff|desktop\u00bb custom_padding=\u00bb0px||0px||true|false\u00bb animation_style=\u00bbzoom\u00bb global_colors_info=\u00bb{}\u00bb][et_pb_column type=\u00bb1_4&#8243; _builder_version=\u00bb4.16&#8243; global_colors_info=\u00bb{}\u00bb][et_pb_image src=\u00bbhttps:\/\/ardalestur.com\/wp-content\/uploads\/2025\/06\/Ardal-tour-4.png\u00bb title_text=\u00bbArdal tour (4)\u00bb align=\u00bbcenter\u00bb _builder_version=\u00bb4.27.4&#8243; width_tablet=\u00bb\u00bb width_phone=\u00bb25%\u00bb width_last_edited=\u00bbon|phone\u00bb max_width=\u00bb115px\u00bb global_colors_info=\u00bb{}\u00bb][\/et_pb_image][et_pb_text _builder_version=\u00bb4.27.4&#8243; text_font=\u00bbPoppins|600|||||||\u00bb text_text_color=\u00bb#202020&#8243; text_font_size=\u00bb18px\u00bb text_line_height=\u00bb1em\u00bb background_color=\u00bb#FFFFFF\u00bb z_index=\u00bb999&#8243; text_orientation=\u00bbcenter\u00bb max_width=\u00bb49px\u00bb module_alignment=\u00bbcenter\u00bb custom_margin=\u00bb-36px||||false|false\u00bb custom_margin_tablet=\u00bb-48px||||false|false\u00bb custom_margin_phone=\u00bb-48px||||false|false\u00bb custom_margin_last_edited=\u00bbon|tablet\u00bb custom_padding=\u00bb9px||9px||true|false\u00bb hover_transition_delay_last_edited=\u00bboff|desktop\u00bb border_radii=\u00bbon|1000px|1000px|1000px|1000px\u00bb border_width_all=\u00bb6px\u00bb border_color_all=\u00bb#1398d1&#8243; text_text_align=\u00bbcenter\u00bb global_colors_info=\u00bb{}\u00bb]<\/p>\n<p>1<\/p>\n<p>[\/et_pb_text][et_pb_blurb title=\u00bbElige tu experiencia\u00bb url=\u00bb#\u00bb use_icon=\u00bbon\u00bb _builder_version=\u00bb4.27.4&#8243; header_font=\u00bbSintony|600|||||||\u00bb header_text_align=\u00bbcenter\u00bb header_text_color=\u00bb#FFFFFF\u00bb header_font_size=\u00bb22px\u00bb header_letter_spacing=\u00bb-1px\u00bb header_line_height=\u00bb1.3em\u00bb body_font=\u00bbSintony|700|||||||\u00bb body_text_align=\u00bbcenter\u00bb body_text_color=\u00bb#FFFFFF\u00bb body_font_size=\u00bb15px\u00bb body_line_height=\u00bb1.3em\u00bb max_width=\u00bb281px\u00bb module_alignment=\u00bbcenter\u00bb custom_margin_tablet=\u00bb\u00bb custom_margin_phone=\u00bb-25px||10px||false|false\u00bb custom_margin_last_edited=\u00bbon|phone\u00bb global_colors_info=\u00bb{}\u00bb header_text_color__hover_enabled=\u00bboff|hover\u00bb header_text_color__hover=\u00bb#7fb98d\u00bb]<\/p>\n<p>Consulta nuestras rutas y actividades culturales, y selecciona la que m\u00e1s te interese.<\/p>\n<p>[\/et_pb_blurb][\/et_pb_column][et_pb_column type=\u00bb1_4&#8243; _builder_version=\u00bb4.16&#8243; global_colors_info=\u00bb{}\u00bb][et_pb_image src=\u00bbhttps:\/\/ardalestur.com\/wp-content\/uploads\/2025\/06\/Ardal-tour-3.png\u00bb title_text=\u00bbArdal tour (3)\u00bb align=\u00bbcenter\u00bb _builder_version=\u00bb4.27.4&#8243; width_tablet=\u00bb\u00bb width_phone=\u00bb25%\u00bb width_last_edited=\u00bbon|phone\u00bb max_width=\u00bb115px\u00bb global_colors_info=\u00bb{}\u00bb][\/et_pb_image][et_pb_text _builder_version=\u00bb4.27.4&#8243; text_font=\u00bbPoppins|600|||||||\u00bb text_text_color=\u00bb#202020&#8243; text_font_size=\u00bb18px\u00bb text_line_height=\u00bb1em\u00bb background_color=\u00bb#FFFFFF\u00bb z_index=\u00bb999&#8243; text_orientation=\u00bbcenter\u00bb max_width=\u00bb49px\u00bb module_alignment=\u00bbcenter\u00bb custom_margin=\u00bb-36px||||false|false\u00bb custom_margin_tablet=\u00bb-48px||||false|false\u00bb custom_margin_phone=\u00bb-48px||||false|false\u00bb custom_margin_last_edited=\u00bbon|tablet\u00bb custom_padding=\u00bb9px||9px||true|false\u00bb hover_transition_delay_last_edited=\u00bboff|desktop\u00bb border_radii=\u00bbon|1000px|1000px|1000px|1000px\u00bb border_width_all=\u00bb6px\u00bb border_color_all=\u00bb#1398d1&#8243; text_text_align=\u00bbcenter\u00bb global_colors_info=\u00bb{}\u00bb]<\/p>\n<p>2<\/p>\n<p>[\/et_pb_text][et_pb_blurb title=\u00bbContacta con nosotros\u00bb url=\u00bb#\u00bb use_icon=\u00bbon\u00bb _builder_version=\u00bb4.27.4&#8243; header_font=\u00bbSintony|600|||||||\u00bb header_text_align=\u00bbcenter\u00bb header_text_color=\u00bb#FFFFFF\u00bb header_font_size=\u00bb22px\u00bb header_letter_spacing=\u00bb-1px\u00bb header_line_height=\u00bb1.3em\u00bb body_font=\u00bbSintony|700|||||||\u00bb body_text_align=\u00bbcenter\u00bb body_text_color=\u00bb#FFFFFF\u00bb body_font_size=\u00bb15px\u00bb body_line_height=\u00bb1.3em\u00bb max_width=\u00bb281px\u00bb module_alignment=\u00bbcenter\u00bb custom_margin_tablet=\u00bb\u00bb custom_margin_phone=\u00bb-25px||10px||false|false\u00bb custom_margin_last_edited=\u00bbon|phone\u00bb global_colors_info=\u00bb{}\u00bb header_text_color__hover_enabled=\u00bboff|hover\u00bb header_text_color__hover=\u00bb#7fb98d\u00bb]<\/p>\n<p>Escr\u00edbenos o ll\u00e1manos para resolver dudas, conocer detalles y confirmar disponibilidad.<\/p>\n<p>[\/et_pb_blurb][\/et_pb_column][et_pb_column type=\u00bb1_4&#8243; _builder_version=\u00bb4.16&#8243; global_colors_info=\u00bb{}\u00bb][et_pb_image src=\u00bbhttps:\/\/ardalestur.com\/wp-content\/uploads\/2025\/06\/Ardal-tour-2.png\u00bb title_text=\u00bbArdal tour (2)\u00bb align=\u00bbcenter\u00bb _builder_version=\u00bb4.27.4&#8243; width_tablet=\u00bb\u00bb width_phone=\u00bb25%\u00bb width_last_edited=\u00bbon|phone\u00bb max_width=\u00bb115px\u00bb global_colors_info=\u00bb{}\u00bb][\/et_pb_image][et_pb_text _builder_version=\u00bb4.27.4&#8243; text_font=\u00bbPoppins|600|||||||\u00bb text_text_color=\u00bb#202020&#8243; text_font_size=\u00bb18px\u00bb text_line_height=\u00bb1em\u00bb background_color=\u00bb#FFFFFF\u00bb z_index=\u00bb999&#8243; text_orientation=\u00bbcenter\u00bb max_width=\u00bb49px\u00bb module_alignment=\u00bbcenter\u00bb custom_margin=\u00bb-36px||||false|false\u00bb custom_margin_tablet=\u00bb-48px||||false|false\u00bb custom_margin_phone=\u00bb-48px||||false|false\u00bb custom_margin_last_edited=\u00bbon|tablet\u00bb custom_padding=\u00bb9px||9px||true|false\u00bb hover_transition_delay_last_edited=\u00bboff|desktop\u00bb border_radii=\u00bbon|1000px|1000px|1000px|1000px\u00bb border_width_all=\u00bb6px\u00bb border_color_all=\u00bb#1398d1&#8243; text_text_align=\u00bbcenter\u00bb global_colors_info=\u00bb{}\u00bb]<\/p>\n<p>3<\/p>\n<p>[\/et_pb_text][et_pb_blurb title=\u00bbAcordamos fecha\u00bb url=\u00bb#\u00bb use_icon=\u00bbon\u00bb _builder_version=\u00bb4.27.4&#8243; header_font=\u00bbSintony|600|||||||\u00bb header_text_align=\u00bbcenter\u00bb header_text_color=\u00bb#FFFFFF\u00bb header_font_size=\u00bb22px\u00bb header_letter_spacing=\u00bb-1px\u00bb header_line_height=\u00bb1.3em\u00bb body_font=\u00bbSintony|700|||||||\u00bb body_text_align=\u00bbcenter\u00bb body_text_color=\u00bb#FFFFFF\u00bb body_font_size=\u00bb15px\u00bb body_line_height=\u00bb1.3em\u00bb max_width=\u00bb281px\u00bb module_alignment=\u00bbcenter\u00bb custom_margin_tablet=\u00bb-12px||25px||false|false\u00bb custom_margin_phone=\u00bb-25px||10px||false|false\u00bb custom_margin_last_edited=\u00bbon|phone\u00bb header_text_color_last_edited=\u00bboff|desktop\u00bb global_colors_info=\u00bb{}\u00bb header_text_color__hover_enabled=\u00bboff|hover\u00bb header_text_color__hover=\u00bb#7fb98d\u00bb]<\/p>\n<p data-start=\"488\" data-end=\"614\">Nos adaptamos a tu grupo y necesidades: fijamos d\u00eda, hora, punto de encuentro y log\u00edstica.<\/p>\n<p data-start=\"619\" data-end=\"759\">[\/et_pb_blurb][\/et_pb_column][et_pb_column type=\u00bb1_4&#8243; _builder_version=\u00bb4.16&#8243; global_colors_info=\u00bb{}\u00bb][et_pb_image src=\u00bbhttps:\/\/ardalestur.com\/wp-content\/uploads\/2025\/06\/Ardal-tour-1.png\u00bb title_text=\u00bbArdal tour (1)\u00bb align=\u00bbcenter\u00bb _builder_version=\u00bb4.27.4&#8243; width_tablet=\u00bb\u00bb width_phone=\u00bb25%\u00bb width_last_edited=\u00bbon|phone\u00bb max_width=\u00bb115px\u00bb global_colors_info=\u00bb{}\u00bb][\/et_pb_image][et_pb_text _builder_version=\u00bb4.27.4&#8243; text_font=\u00bbPoppins|600|||||||\u00bb text_text_color=\u00bb#202020&#8243; text_font_size=\u00bb18px\u00bb text_line_height=\u00bb1em\u00bb background_color=\u00bb#FFFFFF\u00bb z_index=\u00bb999&#8243; text_orientation=\u00bbcenter\u00bb max_width=\u00bb49px\u00bb module_alignment=\u00bbcenter\u00bb custom_margin=\u00bb-36px||||false|false\u00bb custom_margin_tablet=\u00bb-48px||||false|false\u00bb custom_margin_phone=\u00bb-48px||||false|false\u00bb custom_margin_last_edited=\u00bbon|tablet\u00bb custom_padding=\u00bb9px||9px||true|false\u00bb hover_transition_delay_last_edited=\u00bboff|desktop\u00bb border_radii=\u00bbon|1000px|1000px|1000px|1000px\u00bb border_width_all=\u00bb6px\u00bb border_color_all=\u00bb#1398d1&#8243; text_text_align=\u00bbcenter\u00bb global_colors_info=\u00bb{}\u00bb]<\/p>\n<p>4<\/p>\n<p>[\/et_pb_text][et_pb_blurb title=\u00bbVive la experiencia\u00bb url=\u00bb#\u00bb use_icon=\u00bbon\u00bb _builder_version=\u00bb4.27.4&#8243; header_font=\u00bbSintony|600|||||||\u00bb header_text_align=\u00bbcenter\u00bb header_text_color=\u00bb#FFFFFF\u00bb header_font_size=\u00bb22px\u00bb header_letter_spacing=\u00bb-1px\u00bb header_line_height=\u00bb1.3em\u00bb body_font=\u00bbSintony|700|||||||\u00bb body_text_align=\u00bbcenter\u00bb body_text_color=\u00bb#FFFFFF\u00bb body_font_size=\u00bb15px\u00bb body_line_height=\u00bb1.3em\u00bb max_width=\u00bb281px\u00bb module_alignment=\u00bbcenter\u00bb custom_margin_tablet=\u00bb\u00bb custom_margin_phone=\u00bb-25px||10px||false|false\u00bb custom_margin_last_edited=\u00bbon|phone\u00bb global_colors_info=\u00bb{}\u00bb header_text_color__hover_enabled=\u00bboff|hover\u00bb header_text_color__hover=\u00bb#7fb98d\u00bb]<\/p>\n<p>Disfruta de una visita guiada rigurosa, amena y segura, de la mano de profesionales.<\/p>\n<p>[\/et_pb_blurb][\/et_pb_column][\/et_pb_row][et_pb_row use_custom_gutter=\u00bbon\u00bb gutter_width=\u00bb2&#8243; make_equal=\u00bbon\u00bb _builder_version=\u00bb4.27.4&#8243; width=\u00bb90%\u00bb width_tablet=\u00bb90%\u00bb width_phone=\u00bb90%\u00bb width_last_edited=\u00bbon|phone\u00bb max_width_tablet=\u00bb90%\u00bb max_width_phone=\u00bb90%\u00bb max_width_last_edited=\u00bboff|desktop\u00bb custom_margin=\u00bb15px||||false|false\u00bb custom_padding=\u00bb0px||0px||false|false\u00bb animation_style=\u00bbzoom\u00bb global_colors_info=\u00bb{}\u00bb][et_pb_column type=\u00bb4_4&#8243; _builder_version=\u00bb4.16&#8243; global_colors_info=\u00bb{}\u00bb][et_pb_button button_url=\u00bb#Contacto\u00bb button_text=\u00bbAp\u00fantate ya\u00bb button_alignment=\u00bbcenter\u00bb _builder_version=\u00bb4.27.4&#8243; _module_preset=\u00bbdefault\u00bb custom_button=\u00bbon\u00bb button_text_size=\u00bb17px\u00bb button_text_color=\u00bb#FFFFFF\u00bb button_bg_color=\u00bb#1398d1&#8243; button_border_radius=\u00bb0px\u00bb button_font=\u00bbSarabun||||||||\u00bb button_icon=\u00bb&#xf061;||fa||900&#8243; button_on_hover=\u00bboff\u00bb custom_margin=\u00bb10px|0px|0px|0px|false|false\u00bb custom_margin_tablet=\u00bb0px|60px|0px|0px|false|false\u00bb custom_margin_phone=\u00bb0px|0px|6px|0px|false|false\u00bb custom_margin_last_edited=\u00bbon|phone\u00bb custom_padding=\u00bb11px|54px|12px|34px|false|false\u00bb hover_enabled=\u00bb0&#8243; locked=\u00bboff\u00bb global_colors_info=\u00bb{}\u00bb button_bg_color__hover_enabled=\u00bbon|hover\u00bb button_bg_color__hover=\u00bb#FFFFFF\u00bb button_bg_enable_color__hover=\u00bbon\u00bb button_text_color__hover_enabled=\u00bbon|hover\u00bb button_text_color__hover=\u00bb#2c4a28&#8243; button_letter_spacing__hover=\u00bb0px\u00bb button_letter_spacing__hover_enabled=\u00bbon|hover\u00bb sticky_enabled=\u00bb0&#8243;][\/et_pb_button][\/et_pb_column][\/et_pb_row][\/et_pb_section][et_pb_section fb_built=\u00bb1&#8243; make_equal=\u00bbon\u00bb use_custom_gutter=\u00bbon\u00bb gutter_width=\u00bb1&#8243; specialty=\u00bbon\u00bb custom_padding_last_edited=\u00bbon|phone\u00bb padding_top_1=\u00bb0px\u00bb padding_top_2=\u00bb0px\u00bb padding_bottom_1=\u00bb0px\u00bb padding_bottom_2=\u00bb0px\u00bb padding_left_2=\u00bb37px\u00bb padding_top_bottom_link_1=\u00bbfalse\u00bb padding_top_bottom_link_2=\u00bbfalse\u00bb padding_left_right_link_2=\u00bbfalse\u00bb padding_2_tablet=\u00bb80px||0px|0px|false|false\u00bb padding_2_phone=\u00bb55px||0px|0px|false|false\u00bb padding_2_last_edited=\u00bbon|tablet\u00bb custom_css_main_2=\u00bbmargin:auto;\u00bb disabled_on=\u00bbon|on|on\u00bb _builder_version=\u00bb4.27.4&#8243; _module_preset=\u00bbdefault\u00bb background_enable_color=\u00bboff\u00bb background_image=\u00bbhttps:\/\/ardalestur.com\/wp-content\/uploads\/2025\/05\/gardener-10-ret-5.webp\u00bb inner_width=\u00bb90%\u00bb inner_max_width=\u00bb1290px\u00bb custom_margin=\u00bb0px||0px||false|false\u00bb custom_padding=\u00bb40px||40px||true|false\u00bb custom_padding_tablet=\u00bb120px||120px||false|false\u00bb custom_padding_phone=\u00bb0px||40px||false|false\u00bb background_last_edited=\u00bbon|tablet\u00bb background_enable_image_tablet=\u00bboff\u00bb disabled=\u00bbon\u00bb global_colors_info=\u00bb{}\u00bb][et_pb_column type=\u00bb1_2&#8243; _builder_version=\u00bb4.16&#8243; custom_padding=\u00bb|||\u00bb global_colors_info=\u00bb{}\u00bb custom_padding__hover=\u00bb|||\u00bb][et_pb_image src=\u00bbhttps:\/\/ardalestur.com\/wp-content\/uploads\/2025\/05\/Libro-Prehistoria-Rincon-de-la-Victoria.jpg\u00bb title_text=\u00bbLibro Prehistoria Rinc\u00f3n de la Victoria\u00bb url=\u00bbhttps:\/\/ardalestur.com\/index.php\/producto\/libro-prehistoria-rincon-de-la-victoria\/\u00bb _builder_version=\u00bb4.27.4&#8243; _module_preset=\u00bbdefault\u00bb width=\u00bb35%\u00bb width_tablet=\u00bb35%\u00bb width_phone=\u00bb60%\u00bb width_last_edited=\u00bbon|phone\u00bb module_alignment=\u00bbcenter\u00bb custom_margin=\u00bb|197px||||\u00bb custom_margin_tablet=\u00bb|197px||||\u00bb custom_margin_phone=\u00bb30px|197px|||false|false\u00bb custom_margin_last_edited=\u00bbon|phone\u00bb animation_style=\u00bbzoom\u00bb box_shadow_style=\u00bbpreset2&#8243; global_colors_info=\u00bb{}\u00bb transform_styles__hover_enabled=\u00bbon|hover\u00bb transform_scale__hover_enabled=\u00bbon|hover\u00bb transform_translate__hover_enabled=\u00bbon|desktop\u00bb transform_rotate__hover_enabled=\u00bbon|desktop\u00bb transform_skew__hover_enabled=\u00bbon|desktop\u00bb transform_origin__hover_enabled=\u00bbon|desktop\u00bb transform_scale__hover=\u00bb105%|105%\u00bb][\/et_pb_image][\/et_pb_column][et_pb_column type=\u00bb1_2&#8243; specialty_columns=\u00bb2&#8243; _builder_version=\u00bb4.16&#8243; custom_padding=\u00bb|||\u00bb global_colors_info=\u00bb{}\u00bb custom_padding__hover=\u00bb|||\u00bb][et_pb_row_inner _builder_version=\u00bb4.27.4&#8243; _module_preset=\u00bbdefault\u00bb custom_margin=\u00bb0px||19px||false|false\u00bb custom_padding=\u00bb0px||0px||false|false\u00bb animation_style=\u00bbzoom\u00bb animation_delay=\u00bb500ms\u00bb animation_speed_curve=\u00bbease\u00bb global_colors_info=\u00bb{}\u00bb][et_pb_column_inner saved_specialty_column_type=\u00bb1_2&#8243; _builder_version=\u00bb4.25.2&#8243; _module_preset=\u00bbdefault\u00bb global_colors_info=\u00bb{}\u00bb][et_pb_blurb title=\u00bbLIBRO SOBRE EL CAMINITO DEL REY\u00bb image=\u00bbhttps:\/\/ardalestur.com\/wp-content\/uploads\/2025\/05\/hiking_12460711.png\u00bb icon_placement=\u00bbleft\u00bb image_icon_width=\u00bb30px\u00bb _builder_version=\u00bb4.27.4&#8243; _module_preset=\u00bbdefault\u00bb header_font=\u00bbSintony|700|||||||\u00bb header_text_align=\u00bbleft\u00bb header_text_color=\u00bb#9dbe37&#8243; header_font_size=\u00bb14px\u00bb header_line_height=\u00bb1.2em\u00bb image_icon_custom_margin=\u00bb0px||0px||false|false\u00bb image_icon_custom_padding=\u00bb0px||0px||false|false\u00bb custom_margin=\u00bb0px||18px||false|false\u00bb custom_padding=\u00bb0px||0px||false|false\u00bb animation=\u00bboff\u00bb custom_css_blurb_title=\u00bbmargin-top:7px;||margin-left:-4px;\u00bb custom_css_blurb_content=\u00bbmargin:0px;\u00bb global_colors_info=\u00bb{}\u00bb][\/et_pb_blurb][et_pb_text _builder_version=\u00bb4.27.4&#8243; _module_preset=\u00bbdefault\u00bb header_2_font=\u00bbSintony|700|||||||\u00bb header_2_text_align=\u00bbleft\u00bb header_2_text_color=\u00bb#202020&#8243; header_2_font_size=\u00bb50px\u00bb header_2_line_height=\u00bb1.2em\u00bb custom_margin=\u00bb0px||0px||false|false\u00bb custom_padding=\u00bb0px||0px||false|false\u00bb header_2_font_size_tablet=\u00bb58px\u00bb header_2_font_size_phone=\u00bb30px\u00bb header_2_font_size_last_edited=\u00bbon|phone\u00bb global_colors_info=\u00bb{}\u00bb]<\/p>\n<h2>DISFRUTA LEYENDO<\/h2>\n<p>[\/et_pb_text][et_pb_text _builder_version=\u00bb4.27.4&#8243; _module_preset=\u00bbdefault\u00bb text_font=\u00bbSarabun||||||||\u00bb text_text_color=\u00bb#74787c\u00bb text_font_size=\u00bb17px\u00bb text_line_height=\u00bb1.5em\u00bb custom_margin=\u00bb0px||1px||false|false\u00bb custom_padding=\u00bb0px||0px||false|false\u00bb global_colors_info=\u00bb{}\u00bb]<\/p>\n<p data-start=\"120\" data-end=\"457\" style=\"text-align: justify;\">Una<strong> obra esencial<\/strong> para comprender el pasado m\u00e1s remoto de la costa malague\u00f1a. Este libro recoge las investigaciones realizadas en<strong> la Cueva de la Victoria y su entorno<\/strong>, revelando c\u00f3mo vivieron y pensaron los primeros habitantes del<strong> Rinc\u00f3n de la Victoria.<\/strong> Rigurosamente documentado, combina ciencia, divulgaci\u00f3n y pasi\u00f3n por el patrimonio.<\/p>\n<p>[\/et_pb_text][\/et_pb_column_inner][\/et_pb_row_inner][et_pb_row_inner use_custom_gutter=\u00bbon\u00bb gutter_width=\u00bb1&#8243; make_equal=\u00bbon\u00bb _builder_version=\u00bb4.27.4&#8243; _module_preset=\u00bbdefault\u00bb custom_margin=\u00bb0px||0px||false|false\u00bb custom_padding=\u00bb0px|30px|0px||false|false\u00bb animation_style=\u00bbzoom\u00bb animation_delay=\u00bb500ms\u00bb animation_speed_curve=\u00bbease\u00bb global_colors_info=\u00bb{}\u00bb][et_pb_column_inner saved_specialty_column_type=\u00bb1_2&#8243; _builder_version=\u00bb4.25.2&#8243; _module_preset=\u00bbdefault\u00bb custom_css_main_element=\u00bbmargin:auto;\u00bb global_colors_info=\u00bb{}\u00bb][et_pb_blurb title=\u00bbPor solo 20\u20ac\u00bb icon_placement=\u00bbleft\u00bb image_icon_width=\u00bb16px\u00bb _builder_version=\u00bb4.27.4&#8243; _module_preset=\u00bbdefault\u00bb header_font=\u00bbSarabun|||on|||||\u00bb header_text_align=\u00bbcenter\u00bb header_text_color=\u00bb#1398d1&#8243; header_font_size=\u00bb20px\u00bb header_line_height=\u00bb1.2em\u00bb image_icon_custom_margin=\u00bb3px||0px||false|false\u00bb image_icon_custom_padding=\u00bb0px||0px||false|false\u00bb module_alignment=\u00bbcenter\u00bb custom_margin=\u00bb2px|0px|10px|0px|false|false\u00bb custom_padding=\u00bb0px|1px|0px|0px|false|false\u00bb animation=\u00bboff\u00bb custom_css_blurb_title=\u00bbmargin-left:-22px;\u00bb custom_css_blurb_content=\u00bbmargin:0px;\u00bb global_colors_info=\u00bb{}\u00bb][\/et_pb_blurb][\/et_pb_column_inner][\/et_pb_row_inner][\/et_pb_column][\/et_pb_section]<\/p>\n","protected":false},"excerpt":{"rendered":"<p>GALER\u00cdA HIGUER\u00d3NLOS M\u00c1S ANTIGUOSLa Galer\u00eda del Higuer\u00f3n es una cavidad arqueol\u00f3gica de alto valor patrimonial ubicada en Rinc\u00f3n de la Victoria. En su interior se han documentado restos humanos, enterramientos y vestigios simb\u00f3licos de hace miles de a\u00f1os. Nuestras visitas guiadas, cuidadosamente dise\u00f1adas, permiten acceder a este espacio restringido con un enfoque cient\u00edfico, seguro y [&hellip;]<\/p>\n","protected":false},"author":1,"featured_media":0,"parent":0,"menu_order":0,"comment_status":"closed","ping_status":"closed","template":"","meta":{"_et_pb_use_builder":"on","_et_pb_old_content":"","_et_gb_content_width":"","footnotes":""},"class_list":["post-71327","page","type-page","status-publish","hentry"],"_links":{"self":[{"href":"https:\/\/ardalestur.com\/index.php\/wp-json\/wp\/v2\/pages\/71327","targetHints":{"allow":["GET"]}}],"collection":[{"href":"https:\/\/ardalestur.com\/index.php\/wp-json\/wp\/v2\/pages"}],"about":[{"href":"https:\/\/ardalestur.com\/index.php\/wp-json\/wp\/v2\/types\/page"}],"author":[{"embeddable":true,"href":"https:\/\/ardalestur.com\/index.php\/wp-json\/wp\/v2\/users\/1"}],"replies":[{"embeddable":true,"href":"https:\/\/ardalestur.com\/index.php\/wp-json\/wp\/v2\/comments?post=71327"}],"version-history":[{"count":11,"href":"https:\/\/ardalestur.com\/index.php\/wp-json\/wp\/v2\/pages\/71327\/revisions"}],"predecessor-version":[{"id":71377,"href":"https:\/\/ardalestur.com\/index.php\/wp-json\/wp\/v2\/pages\/71327\/revisions\/71377"}],"wp:attachment":[{"href":"https:\/\/ardalestur.com\/index.php\/wp-json\/wp\/v2\/media?parent=71327"}],"curies":[{"name":"wp","href":"https:\/\/api.w.org\/{rel}","templated":true}]}}